{"id":144,"date":"2018-10-05T14:49:31","date_gmt":"2018-10-05T12:49:31","guid":{"rendered":"http:\/\/lorele\u00ef.fr\/?page_id=144"},"modified":"2023-01-01T13:27:56","modified_gmt":"2023-01-01T12:27:56","slug":"on-parle-de-nous","status":"publish","type":"page","link":"https:\/\/lorele\u00ef.fr\/?page_id=144","title":{"rendered":"On parle de nous"},"content":{"rendered":"\n<h3 class=\"wp-block-heading\"><strong><u>ON PARLE DE NOUS<\/u><\/strong><\/h3>\n\n\n\n<ul class=\"wp-block-list\">\n<li><strong>Des cours de self-d\u00e9fense f\u00e9ministe \u00e0 Boulogne-sur-Mer <\/strong><\/li>\n<\/ul>\n\n\n\n<p>Le 05\/02\/2018 sur <a href=\"https:\/\/www.francebleu.fr\/infos\/societe\/des-cours-de-self-defense-feministe-a-boulogne-sur-mer-1517417825\">France Bleue<\/a><\/p>\n\n\n\n<ul class=\"wp-block-list\">\n<li><strong>Le Poing<\/strong><\/li>\n<\/ul>\n\n\n\n<figure class=\"wp-block-embed is-type-wp-embed is-provider-le-poing wp-block-embed-le-poing\"><div class=\"wp-block-embed__wrapper\">\n<div class=\"oceanwp-oembed-wrap clr\"><blockquote class=\"wp-embedded-content\" data-secret=\"4PmclayxT8\"><a href=\"https:\/\/lepoing.net\/place-a-lautodefense-feministe-lassociation-lorelei-sinstalle-a-montpellier\/\">Place \u00e0 l\u2019autod\u00e9fense f\u00e9ministe, l\u2019association Lorele\u00ef s\u2019installe \u00e0 Montpellier<\/a><\/blockquote><iframe loading=\"lazy\" class=\"wp-embedded-content\" sandbox=\"allow-scripts\" security=\"restricted\" style=\"position: absolute; clip: rect(1px, 1px, 1px, 1px);\" title=\"\u00ab\u00a0Place \u00e0 l\u2019autod\u00e9fense f\u00e9ministe, l\u2019association Lorele\u00ef s\u2019installe \u00e0 Montpellier\u00a0\u00bb &#8212; Le Poing\" src=\"https:\/\/lepoing.net\/place-a-lautodefense-feministe-lassociation-lorelei-sinstalle-a-montpellier\/embed\/#?secret=4PmclayxT8\" data-secret=\"4PmclayxT8\" width=\"600\" height=\"338\" frameborder=\"0\" marginwidth=\"0\" marginheight=\"0\" scrolling=\"no\"><\/iframe><\/div>\n<\/div><\/figure>\n\n\n\n<ul class=\"wp-block-list\">\n<li><strong>Des cours d\u2019autod\u00e9fense pour aider les femmes \u00e0 se sentir \u00e0 l\u2019aise dans la rue<\/strong><\/li>\n<\/ul>\n\n\n\n<p>Le 26\/01\/2018 dans <a href=\"http:\/\/www.lavoixdunord.fr\/304563\/article\/2018-01-26\/des-cours-d-autodefense-pour-aider-les-femmes-se-sentir-l-aise-dans-la-rue\">La Voix du Nord<\/a>.<\/p>\n\n\n\n<ul class=\"wp-block-list\">\n<li><strong>Podcast l\u2019Olympiade Femelle<\/strong> &#8211; S2 Ep 1: Empowerment et autod\u00e9fense <a href=\"https:\/\/podcast.ausha.co\/l-olympiade-femelle\/empowerment-et-autodefense-1\" target=\"_blank\" rel=\"noreferrer noopener\">https:\/\/podcast.ausha.co\/l-olympiade-femelle\/empowerment-et-autodefense-1<\/a><\/li>\n<\/ul>\n\n\n\n<ul class=\"wp-block-list\">\n<li><strong>Boulogne &#8211; Gr\u00e2ce au stage de self-d\u00e9fense, \u00abj\u2019ai r\u00e9ussi \u00e0 dire non \u00e0 mon compagnon violent\u00bb<\/strong><\/li>\n<\/ul>\n\n\n\n<p>Le 09\/05\/2019 dans La Voix du Nord (Elodie Rab\u00e9) : <a rel=\"noreferrer noopener\" href=\"https:\/\/www.lavoixdunord.fr\/580236\/article\/2019-05-09\/grace-au-stage-de-self-defense-j-ai-reussi-dire-non-mon-compagnon-violent#:~:text=Boulogne%20Gr%C3%A2ce%20au%20stage%20de,164%20femmes%20y%20ont%20particip%C3%A9.\" data-type=\"URL\" target=\"_blank\">https:\/\/www.lavoixdunord<\/a><\/p>\n\n\n\n<p><\/p>\n\n\n\n<ul class=\"wp-block-list\">\n<li><strong>Radio Campus Paris<\/strong> a re\u00e7u deux b\u00e9n\u00e9voles de Lorele\u00ef dans le cadre de \u00ab La Matinale \u00bb. Le 11\/02\/2020.<\/li>\n<\/ul>\n\n\n\n<ul class=\"wp-block-list\">\n<li><strong>Place \u00e0 l\u2019autod\u00e9fense f\u00e9ministe, l\u2019association Lorele\u00ef s\u2019installe \u00e0 Montpellier<\/strong><\/li>\n<\/ul>\n\n\n\n<p>Le 30\/09\/2020 dans Le poing :<a rel=\"noreferrer noopener\" href=\"https:\/\/lepoing.net\/place-a-lautodefense-feministe-lassociation-lorelei-sinstalle-a-montpellier\/\" target=\"_blank\"> Le poing Montpellier<\/a><\/p>\n\n\n\n<ul class=\"wp-block-list\">\n<li><strong>De l&rsquo;autod\u00e9fense bien cibl\u00e9e<\/strong><\/li>\n<\/ul>\n\n\n<div class=\"wp-block-image\">\n<figure class=\"aligncenter size-large is-resized\"><img loading=\"lazy\" decoding=\"async\" src=\"http:\/\/lorele\u00ef.fr\/wp-content\/uploads\/2023\/01\/Sans-titre1-1-1024x576.png\" alt=\"\" class=\"wp-image-1145\" width=\"718\" height=\"416\"\/><\/figure><\/div>\n\n\n<p>Novembre 2021 dans le <a rel=\"noreferrer noopener\" href=\"https:\/\/pdf.20mn.fr\/2021\/supplement\/20211116_SUP.pdf\" target=\"_blank\">20 Minutes suppl\u00e9ment Inclusion<\/a> (page 19)<\/p>\n\n\n\n<ul class=\"wp-block-list\">\n<li><strong>Vivre son identit\u00e9 sereinement et librement en Occitanie<\/strong><\/li>\n<\/ul>\n\n\n\n<p>Le 16\/06\/2022 reportage publi\u00e9 sur <a rel=\"noreferrer noopener\" href=\"https:\/\/viaoccitanie.tv\/le-dossier-de-la-redaction-du-jeudi-16-juin-2022\/\" target=\"_blank\">ViaOccitanie<\/a> (Lorele\u00ef appara\u00eet \u00e0 8mn40)<\/p>\n","protected":false},"excerpt":{"rendered":"<p>ON PARLE DE NOUS Le 05\/02\/2018 sur France Bleue Le 26\/01\/2018 dans La Voix du Nord. Le 09\/05\/2019 dans La Voix du Nord (Elodie Rab\u00e9) : https:\/\/www.lavoixdunord Le 30\/09\/2020 dans Le poing : Le poing Montpellier Novembre 2021 dans le 20 Minutes suppl\u00e9ment Inclusion (page 19) Le 16\/06\/2022 reportage publi\u00e9 sur ViaOccitanie (Lorele\u00ef appara\u00eet \u00e0 [&hellip;]<\/p>\n","protected":false},"author":1,"featured_media":0,"parent":0,"menu_order":0,"comment_status":"closed","ping_status":"closed","template":"","meta":{"_mc_calendar":[],"footnotes":""},"class_list":["post-144","page","type-page","status-publish","hentry","entry"],"_links":{"self":[{"href":"https:\/\/lorele\u00ef.fr\/index.php?rest_route=\/wp\/v2\/pages\/144","targetHints":{"allow":["GET"]}}],"collection":[{"href":"https:\/\/lorele\u00ef.fr\/index.php?rest_route=\/wp\/v2\/pages"}],"about":[{"href":"https:\/\/lorele\u00ef.fr\/index.php?rest_route=\/wp\/v2\/types\/page"}],"author":[{"embeddable":true,"href":"https:\/\/lorele\u00ef.fr\/index.php?rest_route=\/wp\/v2\/users\/1"}],"replies":[{"embeddable":true,"href":"https:\/\/lorele\u00ef.fr\/index.php?rest_route=%2Fwp%2Fv2%2Fcomments&post=144"}],"version-history":[{"count":23,"href":"https:\/\/lorele\u00ef.fr\/index.php?rest_route=\/wp\/v2\/pages\/144\/revisions"}],"predecessor-version":[{"id":1146,"href":"https:\/\/lorele\u00ef.fr\/index.php?rest_route=\/wp\/v2\/pages\/144\/revisions\/1146"}],"wp:attachment":[{"href":"https:\/\/lorele\u00ef.fr\/index.php?rest_route=%2Fwp%2Fv2%2Fmedia&parent=144"}],"curies":[{"name":"wp","href":"https:\/\/api.w.org\/{rel}","templated":true}]}}